{"id":9413,"date":"2024-03-02T19:08:59","date_gmt":"2024-03-02T18:08:59","guid":{"rendered":"https:\/\/campingelcarespicosdeeuropa.com\/festival-musicares\/"},"modified":"2026-03-04T11:25:24","modified_gmt":"2026-03-04T10:25:24","slug":"festival-musicares","status":"publish","type":"page","link":"https:\/\/campingelcarespicosdeeuropa.com\/en\/festival-musicares\/","title":{"rendered":"MusiCares Festival"},"content":{"rendered":"\n<h1 class=\"wp-block-heading\">World Music Festival from 3th to 4th &amp; 5th July 2026, MusiCares<\/h1>\n\n\n\n<p class=\"p1\">If there is anything as inspiring as the rivers and beech forests that surround us, it is the opportunity to celebrate a music festival in the stunning natural surroundings of Camping el Cares, located in the heart of the Picos de Europa.<\/p>\n\n\n\n<p class=\"p1\">The MusiCares 2026 Festival promises to be an unforgettable experience for the whole family, combining live music, gastronomy and outdoor activities.<\/p>\n\n\n\n<figure class=\"wp-block-gallery has-nested-images columns-default is-cropped wp-block-gallery-1 is-layout-flex wp-block-gallery-is-layout-flex\">\n<figure class=\"wp-block-image size-large\"><img loading=\"lazy\" decoding=\"async\" width=\"300\" height=\"200\" data-id=\"10688\" src=\"https:\/\/campingelcarespicosdeeuropa.com\/wp-content\/uploads\/2025\/03\/VAUDI-DSC02734_edited-300x200-1.jpg\" alt=\"\" class=\"wp-image-10688\"\/><\/figure>\n\n\n\n<figure class=\"wp-block-image size-large\"><img loading=\"lazy\" decoding=\"async\" width=\"300\" height=\"243\" data-id=\"10687\" src=\"https:\/\/campingelcarespicosdeeuropa.com\/wp-content\/uploads\/2025\/03\/VAUDI-IMG_9375-300x243-1.jpg\" alt=\"\" class=\"wp-image-10687\"\/><\/figure>\n\n\n\n<figure class=\"wp-block-image size-large\"><img loading=\"lazy\" decoding=\"async\" width=\"300\" height=\"225\" data-id=\"10689\" src=\"https:\/\/campingelcarespicosdeeuropa.com\/wp-content\/uploads\/2025\/03\/GENTE-BAILANDO-IMG_9354-300x225-1.jpg\" alt=\"\" class=\"wp-image-10689\"\/><\/figure>\n<\/figure>\n\n\n\n<h2 class=\"wp-block-heading\">&nbsp;<\/h2>\n\n\n\n<p class=\"p1\">The MusiCares 2026 Festival promises to be an unforgettable experience for the whole family, combining live music, gastronomy and outdoor activities.<\/p>\n\n\n\n<p class=\"p1\">During these days you will be able to enjoy:<\/p>\n\n\n\n<p class=\"p1\">-Musical performances with renowned artists who will explore styles such as folk, &#8230;. Each performance will be a gateway to fascinating worlds of sound.<\/p>\n\n\n\n<p class=\"p1\">-Children&#8217;s entertainment, including face painting, fancy dress and traditional games for the little ones.<\/p>\n\n\n\n<p class=\"p1\">-Craft stalls with unique products reflecting local culture.<\/p>\n\n\n\n<p class=\"p1\">-Interactive workshops such as dance, yoga and juggling to connect with the environment and relax.<\/p>\n\n\n\n<p class=\"p1\">-A guided circular route around the campsite to discover the secrets of the magical forests that surround it.<\/p>\n\n\n\n<p>Camping el Cares is an authentic mountain campsite from where you can explore countless routes, taste its rich gastronomy and enjoy the best live music, in the open air and during the day.<\/p>\n\n\n\n<figure class=\"wp-block-gallery has-nested-images columns-default is-cropped wp-block-gallery-2 is-layout-flex wp-block-gallery-is-layout-flex\">\n<figure class=\"wp-block-image size-large\"><img loading=\"lazy\" decoding=\"async\" width=\"300\" height=\"225\" data-id=\"10696\" src=\"https:\/\/campingelcarespicosdeeuropa.com\/wp-content\/uploads\/2025\/03\/Puestos-artesanales-IMG_6394-300x225-1.jpg\" alt=\"\" class=\"wp-image-10696\"\/><\/figure>\n\n\n\n<figure class=\"wp-block-image size-large\"><img loading=\"lazy\" decoding=\"async\" width=\"300\" height=\"282\" data-id=\"10697\" src=\"https:\/\/campingelcarespicosdeeuropa.com\/wp-content\/uploads\/2025\/03\/IMG_9392-COCKTEL-1-300x282-1.jpg\" alt=\"\" class=\"wp-image-10697\"\/><figcaption class=\"wp-element-caption\">Screenshot<\/figcaption><\/figure>\n\n\n\n<figure class=\"wp-block-image size-large\"><img loading=\"lazy\" decoding=\"async\" width=\"300\" height=\"282\" data-id=\"10698\" src=\"https:\/\/campingelcarespicosdeeuropa.com\/wp-content\/uploads\/2025\/03\/MARTIN-PAELLA-DSC02744_edited-300x282-1.jpg\" alt=\"\" class=\"wp-image-10698\"\/><\/figure>\n<\/figure>\n\n\n\n<p><\/p>\n\n\n\n<p>It brings together the best circumstances for an unforgettable holiday for all members of the family.<\/p>\n\n\n\n<figure class=\"wp-block-gallery has-nested-images columns-default is-cropped wp-block-gallery-3 is-layout-flex wp-block-gallery-is-layout-flex\">\n<figure class=\"wp-block-image size-large\"><img loading=\"lazy\" decoding=\"async\" width=\"225\" height=\"300\" data-id=\"10707\" src=\"https:\/\/campingelcarespicosdeeuropa.com\/wp-content\/uploads\/2025\/03\/pintacaras-IMG_6330-225x300-1.jpg\" alt=\"\" class=\"wp-image-10707\"\/><\/figure>\n\n\n\n<figure class=\"wp-block-image size-large\"><img loading=\"lazy\" decoding=\"async\" width=\"236\" height=\"300\" data-id=\"10705\" src=\"https:\/\/campingelcarespicosdeeuropa.com\/wp-content\/uploads\/2025\/03\/IMG_6437-malabares-reducida-236x300-1.jpg\" alt=\"\" class=\"wp-image-10705\"\/><\/figure>\n\n\n\n<figure class=\"wp-block-image size-large\"><img loading=\"lazy\" decoding=\"async\" width=\"225\" height=\"300\" data-id=\"10706\" src=\"https:\/\/campingelcarespicosdeeuropa.com\/wp-content\/uploads\/2025\/03\/Gente-musicares-IMG_6493-225x300-1.jpg\" alt=\"\" class=\"wp-image-10706\"\/><\/figure>\n<\/figure>\n\n\n\n<p class=\"p1\">MusiCares 2026, the world music festival you\u2019ve been waiting for, will take place over the weekend of July 3, 4, and 5.<\/p>\n\n\n\n<p class=\"p1\">The event will feature five musical performances from different styles and a DJ to liven up the \u201cvermouth session.\u201d<\/p>\n\n\n\n<p class=\"p1\">Attendees can also enjoy top-notch children\u2019s entertainment, including face painting, costumes, and traditional games. There will be shows and workshops such as dance, yoga, and juggling.<\/p>\n\n\n\n<p class=\"p1\">Additionally, before the festival begins, participants can join a small circular route around the camping area to meet the inhabitants of these magical forests.<\/p>\n\n\n\n<figure class=\"wp-block-gallery has-nested-images columns-default is-cropped wp-block-gallery-4 is-layout-flex wp-block-gallery-is-layout-flex\">\n<figure class=\"wp-block-image size-large\"><img loading=\"lazy\" decoding=\"async\" width=\"300\" height=\"225\" data-id=\"10714\" src=\"https:\/\/campingelcarespicosdeeuropa.com\/wp-content\/uploads\/2025\/03\/Magia-IMG_8604-300x225-1.jpg\" alt=\"\" class=\"wp-image-10714\"\/><\/figure>\n\n\n\n<figure class=\"wp-block-image size-large\"><img loading=\"lazy\" decoding=\"async\" width=\"300\" height=\"225\" data-id=\"10715\" src=\"https:\/\/campingelcarespicosdeeuropa.com\/wp-content\/uploads\/2025\/03\/gente-musicares-IMG_6417-300x225-1.jpg\" alt=\"\" class=\"wp-image-10715\"\/><\/figure>\n\n\n\n<figure class=\"wp-block-image size-large\"><img loading=\"lazy\" decoding=\"async\" width=\"300\" height=\"225\" data-id=\"10821\" src=\"https:\/\/campingelcarespicosdeeuropa.com\/wp-content\/uploads\/2025\/03\/gente-MusiCares-IMG_8549-300x225-2.jpg\" alt=\"\" class=\"wp-image-10821\"\/><\/figure>\n<\/figure>\n\n\n\n<h2 class=\"wp-block-heading\"><\/h2>\n\n\n\n<h2 class=\"wp-block-heading\">Prices and bookings for the Fiesta de la M\u00fasica<\/h2>\n\n\n\n<h3 class=\"wp-block-heading\">Rates<\/h3>\n\n\n\n<ul class=\"wp-block-list\">\n<li>The price is 25 euros\/person and is compulsory to attend the festival. Children from 0 to 6 years old are free of charge. The price for children from 7 to 13 years old is 10 euros.<\/li>\n\n\n\n<li>The price of the meal is 12\u20ac\/person\/day. If you prefer the vegetarian option, please indicate this in the comments field when making your reservation. It is not compulsory to book a meal with us.<\/li>\n\n\n\n<li>Drinks are not included in the above price. It is not allowed to bring drinks. It must be obtained at the points of sale set up by the Cares bar.<\/li>\n\n\n\n<li>Seating is limited and booking is required through our <a href=\"https:\/\/wubook.net\/nneb\/bk\/?f=22%2F04%2F2024&amp;n=1&amp;ep=8e98f0cd&amp;lang=es&amp;c=EUR&amp;t=23%2F04%2F2024&amp;o=2.0.0.0\">website<\/a>.<\/li>\n<\/ul>\n\n\n\n<h3 class=\"wp-block-heading\">Bookings<\/h3>\n\n\n\n<p>This weekend, the campsite can only be reserved for festival-goers. But the festival is not exclusive to those staying at the campsite.<\/p>\n\n\n\n<p>If you want to book the accommodation as well, you have to book the accommodation and choose the different extras you are interested in, related to the MusiCares, before finalising the booking.<\/p>\n\n\n\n<p>If you are not staying at the campsite, you can also book the event and\/or the gastronomic days through the <a href=\"https:\/\/docs.google.com\/forms\/d\/e\/1FAIpQLSdQCzzh0K2PUrNjDcRHg2bKGo0q4tLkCMdmnCtKshONe4brgg\/viewform?usp=header\">following link<\/a>.<\/p>\n\n\n<p><iframe loading=\"lazy\" title=\"\u201cMusiCares 2025: Un Viaje Musical por el Coraz\u00f3n de los Picos de Europa\u201d\" width=\"563\" height=\"1000\" src=\"https:\/\/www.youtube.com\/embed\/7U7-UsdMZ_w?feature=oembed\" frameborder=\"0\" allow=\"accelerometer; autoplay; clipboard-write; encrypted-media; gyroscope; picture-in-picture; web-share\" referrerpolicy=\"strict-origin-when-cross-origin\" allowfullscreen><\/iframe><\/p>\n\n\n<p><iframe loading=\"lazy\" title=\"Festival de M\u00fasicas del Mundo en Picos de Europa 2023- MusiCares- World Music Festival. 1 y 2 de jul\" width=\"1150\" height=\"647\" src=\"https:\/\/www.youtube.com\/embed\/_5hXrouIdsk?feature=oembed\" frameborder=\"0\" allow=\"accelerometer; autoplay; clipboard-write; encrypted-media; gyroscope; picture-in-picture; web-share\" referrerpolicy=\"strict-origin-when-cross-origin\" allowfullscreen><\/iframe><\/p>\n\n\n\n<p>Below you can see some of the moments experienced in the previous edition, 2021.<\/p>\n\n\n<p><iframe loading=\"lazy\" title=\"MUSICARES 2021 (mejores momentos)\" width=\"1150\" height=\"647\" src=\"https:\/\/www.youtube.com\/embed\/vnU0KvivQFE?feature=oembed\" frameborder=\"0\" allow=\"accelerometer; autoplay; clipboard-write; encrypted-media; gyroscope; picture-in-picture; web-share\" referrerpolicy=\"strict-origin-when-cross-origin\" allowfullscreen><\/iframe><\/p>\n\n\n\n<h2 class=\"wp-block-heading\">SPONSORS of MusiCares, Festival of World Music in Picos de Europa<\/h2>\n\n\n\n<p>We want to thank the collaborators for their efforts in supporting this initiative to bring music and culture to this corner of the world. MusiCares is the World Music Festival in the Picos de Europa that will captivate you.<br>We remind you that you can find other accommodations in the Valde\u00f3n Valley that may interest you. We recommend La Ardilla Real Refuge in Santa Marina de Valde\u00f3n, Albergue La Cuesta, Hotel Cumbres, or Albergue de Ca\u00edn, among others.<\/p>\n\n\n\n<figure class=\"wp-block-gallery has-nested-images columns-default is-cropped wp-block-gallery-5 is-layout-flex wp-block-gallery-is-layout-flex\">\n<figure class=\"wp-block-image size-large\"><img loading=\"lazy\" decoding=\"async\" width=\"606\" height=\"588\" data-id=\"10759\" src=\"https:\/\/campingelcarespicosdeeuropa.com\/wp-content\/uploads\/2025\/03\/Logo-carniceria-Vega-cartel.png\" alt=\"\" class=\"wp-image-10759\" srcset=\"https:\/\/campingelcarespicosdeeuropa.com\/wp-content\/uploads\/2025\/03\/Logo-carniceria-Vega-cartel.png 606w, https:\/\/campingelcarespicosdeeuropa.com\/wp-content\/uploads\/2025\/03\/Logo-carniceria-Vega-cartel-300x291.png 300w\" sizes=\"auto, (max-width: 606px) 100vw, 606px\" \/><\/figure>\n\n\n\n<figure class=\"wp-block-image size-large\"><img loading=\"lazy\" decoding=\"async\" width=\"606\" height=\"588\" data-id=\"10753\" src=\"https:\/\/campingelcarespicosdeeuropa.com\/wp-content\/uploads\/2025\/03\/Logo-contratas-picos-de-europa.png\" alt=\"\" class=\"wp-image-10753\" srcset=\"https:\/\/campingelcarespicosdeeuropa.com\/wp-content\/uploads\/2025\/03\/Logo-contratas-picos-de-europa.png 606w, https:\/\/campingelcarespicosdeeuropa.com\/wp-content\/uploads\/2025\/03\/Logo-contratas-picos-de-europa-300x291.png 300w\" sizes=\"auto, (max-width: 606px) 100vw, 606px\" \/><\/figure>\n\n\n\n<figure class=\"wp-block-image size-large\"><img loading=\"lazy\" decoding=\"async\" width=\"800\" height=\"600\" data-id=\"10744\" src=\"https:\/\/campingelcarespicosdeeuropa.com\/wp-content\/uploads\/2025\/03\/logo-toba-cartel.png\" alt=\"\" class=\"wp-image-10744\" srcset=\"https:\/\/campingelcarespicosdeeuropa.com\/wp-content\/uploads\/2025\/03\/logo-toba-cartel.png 800w, https:\/\/campingelcarespicosdeeuropa.com\/wp-content\/uploads\/2025\/03\/logo-toba-cartel-300x225.png 300w, https:\/\/campingelcarespicosdeeuropa.com\/wp-content\/uploads\/2025\/03\/logo-toba-cartel-768x576.png 768w\" sizes=\"auto, (max-width: 800px) 100vw, 800px\" \/><\/figure>\n\n\n\n<figure class=\"wp-block-image size-large\"><img loading=\"lazy\" decoding=\"async\" width=\"674\" height=\"600\" data-id=\"10741\" src=\"https:\/\/campingelcarespicosdeeuropa.com\/wp-content\/uploads\/2025\/03\/logo-beleker-cartel.png\" alt=\"\" class=\"wp-image-10741\" srcset=\"https:\/\/campingelcarespicosdeeuropa.com\/wp-content\/uploads\/2025\/03\/logo-beleker-cartel.png 674w, https:\/\/campingelcarespicosdeeuropa.com\/wp-content\/uploads\/2025\/03\/logo-beleker-cartel-300x267.png 300w\" sizes=\"auto, (max-width: 674px) 100vw, 674px\" \/><\/figure>\n\n\n\n<figure class=\"wp-block-image size-large\"><img loading=\"lazy\" decoding=\"async\" width=\"606\" height=\"588\" data-id=\"10738\" src=\"https:\/\/campingelcarespicosdeeuropa.com\/wp-content\/uploads\/2025\/03\/Logo-Cerveza-de-Picos-Cartel.png\" alt=\"\" class=\"wp-image-10738\" srcset=\"https:\/\/campingelcarespicosdeeuropa.com\/wp-content\/uploads\/2025\/03\/Logo-Cerveza-de-Picos-Cartel.png 606w, https:\/\/campingelcarespicosdeeuropa.com\/wp-content\/uploads\/2025\/03\/Logo-Cerveza-de-Picos-Cartel-300x291.png 300w\" sizes=\"auto, (max-width: 606px) 100vw, 606px\" \/><\/figure>\n\n\n\n<figure class=\"wp-block-image size-large\"><img loading=\"lazy\" decoding=\"async\" width=\"606\" height=\"588\" data-id=\"10729\" src=\"https:\/\/campingelcarespicosdeeuropa.com\/wp-content\/uploads\/2025\/03\/Logo-sierra-del-Oso-Cartel.png\" alt=\"\" class=\"wp-image-10729\" srcset=\"https:\/\/campingelcarespicosdeeuropa.com\/wp-content\/uploads\/2025\/03\/Logo-sierra-del-Oso-Cartel.png 606w, https:\/\/campingelcarespicosdeeuropa.com\/wp-content\/uploads\/2025\/03\/Logo-sierra-del-Oso-Cartel-300x291.png 300w\" sizes=\"auto, (max-width: 606px) 100vw, 606px\" \/><\/figure>\n<\/figure>\n\n\n\n<figure class=\"wp-block-gallery has-nested-images columns-default is-cropped wp-block-gallery-6 is-layout-flex wp-block-gallery-is-layout-flex\">\n<figure class=\"wp-block-image size-large\"><img loading=\"lazy\" decoding=\"async\" width=\"606\" height=\"588\" data-id=\"10851\" src=\"https:\/\/campingelcarespicosdeeuropa.com\/wp-content\/uploads\/2025\/03\/Oblanca.png\" alt=\"\" class=\"wp-image-10851\" srcset=\"https:\/\/campingelcarespicosdeeuropa.com\/wp-content\/uploads\/2025\/03\/Oblanca.png 606w, https:\/\/campingelcarespicosdeeuropa.com\/wp-content\/uploads\/2025\/03\/Oblanca-300x291.png 300w\" sizes=\"auto, (max-width: 606px) 100vw, 606px\" \/><\/figure>\n\n\n\n<figure class=\"wp-block-image size-large\"><img loading=\"lazy\" decoding=\"async\" width=\"606\" height=\"588\" data-id=\"10723\" src=\"https:\/\/campingelcarespicosdeeuropa.com\/wp-content\/uploads\/2025\/03\/Logo-queseria-cartel.png\" alt=\"\" class=\"wp-image-10723\" srcset=\"https:\/\/campingelcarespicosdeeuropa.com\/wp-content\/uploads\/2025\/03\/Logo-queseria-cartel.png 606w, https:\/\/campingelcarespicosdeeuropa.com\/wp-content\/uploads\/2025\/03\/Logo-queseria-cartel-300x291.png 300w\" sizes=\"auto, (max-width: 606px) 100vw, 606px\" \/><\/figure>\n\n\n\n<figure class=\"wp-block-image size-full\"><img loading=\"lazy\" decoding=\"async\" width=\"606\" height=\"588\" data-id=\"10864\" src=\"https:\/\/campingelcarespicosdeeuropa.com\/wp-content\/uploads\/2025\/03\/Logo-albergue-la-cuesta.png\" alt=\"\" class=\"wp-image-10864\" srcset=\"https:\/\/campingelcarespicosdeeuropa.com\/wp-content\/uploads\/2025\/03\/Logo-albergue-la-cuesta.png 606w, https:\/\/campingelcarespicosdeeuropa.com\/wp-content\/uploads\/2025\/03\/Logo-albergue-la-cuesta-300x291.png 300w\" sizes=\"auto, (max-width: 606px) 100vw, 606px\" \/><\/figure>\n<\/figure>\n\n\n\n<figure class=\"wp-block-gallery has-nested-images columns-default is-cropped wp-block-gallery-7 is-layout-flex wp-block-gallery-is-layout-flex\">\n<figure class=\"wp-block-image size-large\"><img loading=\"lazy\" decoding=\"async\" width=\"606\" height=\"588\" data-id=\"10750\" src=\"https:\/\/campingelcarespicosdeeuropa.com\/wp-content\/uploads\/2025\/03\/Logo-La-ardilla-cartel.png\" alt=\"\" class=\"wp-image-10750\" srcset=\"https:\/\/campingelcarespicosdeeuropa.com\/wp-content\/uploads\/2025\/03\/Logo-La-ardilla-cartel.png 606w, https:\/\/campingelcarespicosdeeuropa.com\/wp-content\/uploads\/2025\/03\/Logo-La-ardilla-cartel-300x291.png 300w\" sizes=\"auto, (max-width: 606px) 100vw, 606px\" \/><\/figure>\n\n\n\n<figure class=\"wp-block-image size-large\"><img loading=\"lazy\" decoding=\"async\" width=\"606\" height=\"588\" data-id=\"10735\" src=\"https:\/\/campingelcarespicosdeeuropa.com\/wp-content\/uploads\/2025\/03\/Logo-Albergue-de-Cain-Cartel.png\" alt=\"\" class=\"wp-image-10735\" srcset=\"https:\/\/campingelcarespicosdeeuropa.com\/wp-content\/uploads\/2025\/03\/Logo-Albergue-de-Cain-Cartel.png 606w, https:\/\/campingelcarespicosdeeuropa.com\/wp-content\/uploads\/2025\/03\/Logo-Albergue-de-Cain-Cartel-300x291.png 300w\" sizes=\"auto, (max-width: 606px) 100vw, 606px\" \/><\/figure>\n\n\n\n<figure class=\"wp-block-image size-full\"><img loading=\"lazy\" decoding=\"async\" width=\"606\" height=\"588\" data-id=\"10836\" src=\"https:\/\/campingelcarespicosdeeuropa.com\/wp-content\/uploads\/2025\/03\/Logo-hotel-cumbres-de-valdeon.png\" alt=\"\" class=\"wp-image-10836\" srcset=\"https:\/\/campingelcarespicosdeeuropa.com\/wp-content\/uploads\/2025\/03\/Logo-hotel-cumbres-de-valdeon.png 606w, https:\/\/campingelcarespicosdeeuropa.com\/wp-content\/uploads\/2025\/03\/Logo-hotel-cumbres-de-valdeon-300x291.png 300w\" sizes=\"auto, (max-width: 606px) 100vw, 606px\" \/><\/figure>\n<\/figure>\n\n\n\n<figure class=\"wp-block-gallery has-nested-images columns-default is-cropped wp-block-gallery-8 is-layout-flex wp-block-gallery-is-layout-flex\">\n<figure class=\"wp-block-image size-full\"><img loading=\"lazy\" decoding=\"async\" width=\"606\" height=\"588\" data-id=\"10845\" src=\"https:\/\/campingelcarespicosdeeuropa.com\/wp-content\/uploads\/2025\/03\/Logo-junta-vecinal-de-Santa-Marina-de-Valdeon.png\" alt=\"\" class=\"wp-image-10845\" srcset=\"https:\/\/campingelcarespicosdeeuropa.com\/wp-content\/uploads\/2025\/03\/Logo-junta-vecinal-de-Santa-Marina-de-Valdeon.png 606w, https:\/\/campingelcarespicosdeeuropa.com\/wp-content\/uploads\/2025\/03\/Logo-junta-vecinal-de-Santa-Marina-de-Valdeon-300x291.png 300w\" sizes=\"auto, (max-width: 606px) 100vw, 606px\" \/><\/figure>\n\n\n\n<figure class=\"wp-block-image size-large\"><img loading=\"lazy\" decoding=\"async\" width=\"606\" height=\"588\" data-id=\"10844\" src=\"https:\/\/campingelcarespicosdeeuropa.com\/wp-content\/uploads\/2025\/03\/Logo-ayuntamiento-de-Posada-de-Valdeon.png\" alt=\"\" class=\"wp-image-10844\" srcset=\"https:\/\/campingelcarespicosdeeuropa.com\/wp-content\/uploads\/2025\/03\/Logo-ayuntamiento-de-Posada-de-Valdeon.png 606w, https:\/\/campingelcarespicosdeeuropa.com\/wp-content\/uploads\/2025\/03\/Logo-ayuntamiento-de-Posada-de-Valdeon-300x291.png 300w\" sizes=\"auto, (max-width: 606px) 100vw, 606px\" \/><\/figure>\n\n\n\n<figure class=\"wp-block-image size-large\"><img loading=\"lazy\" decoding=\"async\" width=\"606\" height=\"588\" data-id=\"10846\" src=\"https:\/\/campingelcarespicosdeeuropa.com\/wp-content\/uploads\/2025\/03\/Logo-Valle-de-valdeon-Cartel-3.png\" alt=\"\" class=\"wp-image-10846\" srcset=\"https:\/\/campingelcarespicosdeeuropa.com\/wp-content\/uploads\/2025\/03\/Logo-Valle-de-valdeon-Cartel-3.png 606w, https:\/\/campingelcarespicosdeeuropa.com\/wp-content\/uploads\/2025\/03\/Logo-Valle-de-valdeon-Cartel-3-300x291.png 300w\" sizes=\"auto, (max-width: 606px) 100vw, 606px\" \/><\/figure>\n<\/figure>\n\n\n\n<p><\/p>\n","protected":false},"excerpt":{"rendered":"<p>World Music Festival from 3th to 4th &amp; 5th July 2026, MusiCares If there is anything as inspiring as the rivers and beech forests that surround us, it is the opportunity to celebrate a music festival in the stunning natural surroundings of Camping el Cares, located in the heart of the Picos de Europa. The [&hellip;]<\/p>\n","protected":false},"author":1,"featured_media":10921,"parent":0,"menu_order":0,"comment_status":"open","ping_status":"closed","template":"","meta":{"footnotes":""},"class_list":["post-9413","page","type-page","status-publish","has-post-thumbnail","hentry"],"yoast_head":"<!-- This site is optimized with the Yoast SEO plugin v26.5 - https:\/\/yoast.com\/wordpress\/plugins\/seo\/ -->\n<title>MusiCares Festival - Camping El Cares<\/title>\n<meta name=\"description\" content=\"MusiCares Festival 2025, a weekend of music featuring performances from different styles, entertainment, and creative workshops (June 27-29).\" \/>\n<meta name=\"robots\" content=\"index, follow, max-snippet:-1, max-image-preview:large, max-video-preview:-1\" \/>\n<link rel=\"canonical\" href=\"https:\/\/campingelcarespicosdeeuropa.com\/en\/festival-musicares\/\" \/>\n<meta property=\"og:locale\" content=\"en_GB\" \/>\n<meta property=\"og:type\" content=\"article\" \/>\n<meta property=\"og:title\" content=\"MusiCares Festival - Camping El Cares\" \/>\n<meta property=\"og:description\" content=\"MusiCares Festival 2025, a weekend of music featuring performances from different styles, entertainment, and creative workshops (June 27-29).\" \/>\n<meta property=\"og:url\" content=\"https:\/\/campingelcarespicosdeeuropa.com\/en\/festival-musicares\/\" \/>\n<meta property=\"og:site_name\" content=\"Camping El Cares\" \/>\n<meta property=\"article:modified_time\" content=\"2026-03-04T10:25:24+00:00\" \/>\n<meta property=\"og:image\" content=\"https:\/\/campingelcarespicosdeeuropa.com\/wp-content\/uploads\/2025\/03\/Sin-titulo.webp\" \/>\n\t<meta property=\"og:image:width\" content=\"1280\" \/>\n\t<meta property=\"og:image:height\" content=\"416\" \/>\n\t<meta property=\"og:image:type\" content=\"image\/webp\" \/>\n<meta name=\"twitter:card\" content=\"summary_large_image\" \/>\n<meta name=\"twitter:label1\" content=\"Estimated reading time\" \/>\n\t<meta name=\"twitter:data1\" content=\"9 minutes\" \/>\n<script type=\"application\/ld+json\" class=\"yoast-schema-graph\">{\"@context\":\"https:\/\/schema.org\",\"@graph\":[{\"@type\":\"WebPage\",\"@id\":\"https:\/\/campingelcarespicosdeeuropa.com\/en\/festival-musicares\/\",\"url\":\"https:\/\/campingelcarespicosdeeuropa.com\/en\/festival-musicares\/\",\"name\":\"MusiCares Festival - Camping El Cares\",\"isPartOf\":{\"@id\":\"https:\/\/campingelcarespicosdeeuropa.com\/en\/#website\"},\"primaryImageOfPage\":{\"@id\":\"https:\/\/campingelcarespicosdeeuropa.com\/en\/festival-musicares\/#primaryimage\"},\"image\":{\"@id\":\"https:\/\/campingelcarespicosdeeuropa.com\/en\/festival-musicares\/#primaryimage\"},\"thumbnailUrl\":\"https:\/\/campingelcarespicosdeeuropa.com\/wp-content\/uploads\/2025\/03\/Sin-titulo.webp\",\"datePublished\":\"2024-03-02T18:08:59+00:00\",\"dateModified\":\"2026-03-04T10:25:24+00:00\",\"description\":\"MusiCares Festival 2025, a weekend of music featuring performances from different styles, entertainment, and creative workshops (June 27-29).\",\"inLanguage\":\"en-GB\",\"potentialAction\":[{\"@type\":\"ReadAction\",\"target\":[\"https:\/\/campingelcarespicosdeeuropa.com\/en\/festival-musicares\/\"]}]},{\"@type\":\"ImageObject\",\"inLanguage\":\"en-GB\",\"@id\":\"https:\/\/campingelcarespicosdeeuropa.com\/en\/festival-musicares\/#primaryimage\",\"url\":\"https:\/\/campingelcarespicosdeeuropa.com\/wp-content\/uploads\/2025\/03\/Sin-titulo.webp\",\"contentUrl\":\"https:\/\/campingelcarespicosdeeuropa.com\/wp-content\/uploads\/2025\/03\/Sin-titulo.webp\",\"width\":1280,\"height\":416},{\"@type\":\"WebSite\",\"@id\":\"https:\/\/campingelcarespicosdeeuropa.com\/en\/#website\",\"url\":\"https:\/\/campingelcarespicosdeeuropa.com\/en\/\",\"name\":\"Camping El Cares\",\"description\":\"Picos de Europa\",\"publisher\":{\"@id\":\"https:\/\/campingelcarespicosdeeuropa.com\/en\/#organization\"},\"potentialAction\":[{\"@type\":\"SearchAction\",\"target\":{\"@type\":\"EntryPoint\",\"urlTemplate\":\"https:\/\/campingelcarespicosdeeuropa.com\/en\/?s={search_term_string}\"},\"query-input\":{\"@type\":\"PropertyValueSpecification\",\"valueRequired\":true,\"valueName\":\"search_term_string\"}}],\"inLanguage\":\"en-GB\"},{\"@type\":\"Organization\",\"@id\":\"https:\/\/campingelcarespicosdeeuropa.com\/en\/#organization\",\"name\":\"Camping El Cares\",\"url\":\"https:\/\/campingelcarespicosdeeuropa.com\/en\/\",\"logo\":{\"@type\":\"ImageObject\",\"inLanguage\":\"en-GB\",\"@id\":\"https:\/\/campingelcarespicosdeeuropa.com\/en\/#\/schema\/logo\/image\/\",\"url\":\"https:\/\/campingelcarespicosdeeuropa.com\/wp-content\/uploads\/2024\/05\/logo-camping-4-1.png\",\"contentUrl\":\"https:\/\/campingelcarespicosdeeuropa.com\/wp-content\/uploads\/2024\/05\/logo-camping-4-1.png\",\"width\":762,\"height\":668,\"caption\":\"Camping El Cares\"},\"image\":{\"@id\":\"https:\/\/campingelcarespicosdeeuropa.com\/en\/#\/schema\/logo\/image\/\"}}]}<\/script>\n<!-- \/ Yoast SEO plugin. -->","yoast_head_json":{"title":"MusiCares Festival - Camping El Cares","description":"MusiCares Festival 2025, a weekend of music featuring performances from different styles, entertainment, and creative workshops (June 27-29).","robots":{"index":"index","follow":"follow","max-snippet":"max-snippet:-1","max-image-preview":"max-image-preview:large","max-video-preview":"max-video-preview:-1"},"canonical":"https:\/\/campingelcarespicosdeeuropa.com\/en\/festival-musicares\/","og_locale":"en_GB","og_type":"article","og_title":"MusiCares Festival - Camping El Cares","og_description":"MusiCares Festival 2025, a weekend of music featuring performances from different styles, entertainment, and creative workshops (June 27-29).","og_url":"https:\/\/campingelcarespicosdeeuropa.com\/en\/festival-musicares\/","og_site_name":"Camping El Cares","article_modified_time":"2026-03-04T10:25:24+00:00","og_image":[{"width":1280,"height":416,"url":"https:\/\/campingelcarespicosdeeuropa.com\/wp-content\/uploads\/2025\/03\/Sin-titulo.webp","type":"image\/webp"}],"twitter_card":"summary_large_image","twitter_misc":{"Estimated reading time":"9 minutes"},"schema":{"@context":"https:\/\/schema.org","@graph":[{"@type":"WebPage","@id":"https:\/\/campingelcarespicosdeeuropa.com\/en\/festival-musicares\/","url":"https:\/\/campingelcarespicosdeeuropa.com\/en\/festival-musicares\/","name":"MusiCares Festival - Camping El Cares","isPartOf":{"@id":"https:\/\/campingelcarespicosdeeuropa.com\/en\/#website"},"primaryImageOfPage":{"@id":"https:\/\/campingelcarespicosdeeuropa.com\/en\/festival-musicares\/#primaryimage"},"image":{"@id":"https:\/\/campingelcarespicosdeeuropa.com\/en\/festival-musicares\/#primaryimage"},"thumbnailUrl":"https:\/\/campingelcarespicosdeeuropa.com\/wp-content\/uploads\/2025\/03\/Sin-titulo.webp","datePublished":"2024-03-02T18:08:59+00:00","dateModified":"2026-03-04T10:25:24+00:00","description":"MusiCares Festival 2025, a weekend of music featuring performances from different styles, entertainment, and creative workshops (June 27-29).","inLanguage":"en-GB","potentialAction":[{"@type":"ReadAction","target":["https:\/\/campingelcarespicosdeeuropa.com\/en\/festival-musicares\/"]}]},{"@type":"ImageObject","inLanguage":"en-GB","@id":"https:\/\/campingelcarespicosdeeuropa.com\/en\/festival-musicares\/#primaryimage","url":"https:\/\/campingelcarespicosdeeuropa.com\/wp-content\/uploads\/2025\/03\/Sin-titulo.webp","contentUrl":"https:\/\/campingelcarespicosdeeuropa.com\/wp-content\/uploads\/2025\/03\/Sin-titulo.webp","width":1280,"height":416},{"@type":"WebSite","@id":"https:\/\/campingelcarespicosdeeuropa.com\/en\/#website","url":"https:\/\/campingelcarespicosdeeuropa.com\/en\/","name":"Camping El Cares","description":"Picos de Europa","publisher":{"@id":"https:\/\/campingelcarespicosdeeuropa.com\/en\/#organization"},"potentialAction":[{"@type":"SearchAction","target":{"@type":"EntryPoint","urlTemplate":"https:\/\/campingelcarespicosdeeuropa.com\/en\/?s={search_term_string}"},"query-input":{"@type":"PropertyValueSpecification","valueRequired":true,"valueName":"search_term_string"}}],"inLanguage":"en-GB"},{"@type":"Organization","@id":"https:\/\/campingelcarespicosdeeuropa.com\/en\/#organization","name":"Camping El Cares","url":"https:\/\/campingelcarespicosdeeuropa.com\/en\/","logo":{"@type":"ImageObject","inLanguage":"en-GB","@id":"https:\/\/campingelcarespicosdeeuropa.com\/en\/#\/schema\/logo\/image\/","url":"https:\/\/campingelcarespicosdeeuropa.com\/wp-content\/uploads\/2024\/05\/logo-camping-4-1.png","contentUrl":"https:\/\/campingelcarespicosdeeuropa.com\/wp-content\/uploads\/2024\/05\/logo-camping-4-1.png","width":762,"height":668,"caption":"Camping El Cares"},"image":{"@id":"https:\/\/campingelcarespicosdeeuropa.com\/en\/#\/schema\/logo\/image\/"}}]}},"_links":{"self":[{"href":"https:\/\/campingelcarespicosdeeuropa.com\/en\/wp-json\/wp\/v2\/pages\/9413","targetHints":{"allow":["GET"]}}],"collection":[{"href":"https:\/\/campingelcarespicosdeeuropa.com\/en\/wp-json\/wp\/v2\/pages"}],"about":[{"href":"https:\/\/campingelcarespicosdeeuropa.com\/en\/wp-json\/wp\/v2\/types\/page"}],"author":[{"embeddable":true,"href":"https:\/\/campingelcarespicosdeeuropa.com\/en\/wp-json\/wp\/v2\/users\/1"}],"replies":[{"embeddable":true,"href":"https:\/\/campingelcarespicosdeeuropa.com\/en\/wp-json\/wp\/v2\/comments?post=9413"}],"version-history":[{"count":5,"href":"https:\/\/campingelcarespicosdeeuropa.com\/en\/wp-json\/wp\/v2\/pages\/9413\/revisions"}],"predecessor-version":[{"id":11509,"href":"https:\/\/campingelcarespicosdeeuropa.com\/en\/wp-json\/wp\/v2\/pages\/9413\/revisions\/11509"}],"wp:featuredmedia":[{"embeddable":true,"href":"https:\/\/campingelcarespicosdeeuropa.com\/en\/wp-json\/wp\/v2\/media\/10921"}],"wp:attachment":[{"href":"https:\/\/campingelcarespicosdeeuropa.com\/en\/wp-json\/wp\/v2\/media?parent=9413"}],"curies":[{"name":"wp","href":"https:\/\/api.w.org\/{rel}","templated":true}]}}